{"id":17267,"date":"2022-02-17T13:05:13","date_gmt":"2022-02-17T12:05:13","guid":{"rendered":"http:\/\/jagodina.museum\/exhibitions\/vojkan-velickovic-stara-jagodina\/"},"modified":"2024-03-14T10:56:58","modified_gmt":"2024-03-14T09:56:58","slug":"vojkan-velickovic-stara-jagodina","status":"publish","type":"page","link":"https:\/\/jagodina.museum\/en\/exhibitions\/vojkan-velickovic-stara-jagodina\/","title":{"rendered":"Old Jagodina in the paintings of Vojkan Veli\u010dkovi\u0107 from the collection of the Regional Museum of Jagodina"},"content":{"rendered":"\t\t<div data-elementor-type=\"wp-page\" data-elementor-id=\"17267\" class=\"elementor elementor-17267 elementor-17252\" data-elementor-post-type=\"page\">\n\t\t\t\t\t\t<section class=\"elementor-section elementor-top-section elementor-element elementor-element-3c73c04 elementor-section-boxed elementor-section-height-default elementor-section-height-default sc_fly_static\" data-id=\"3c73c04\" data-element_type=\"section\" data-e-type=\"section\">\n\t\t\t\t\t\t<div class=\"elementor-container elementor-column-gap-extended\">\n\t\t\t\t\t<div class=\"elementor-column elementor-col-100 elementor-top-column elementor-element elementor-element-4919980 sc_content_align_inherit sc_layouts_column_icons_position_left sc_fly_static\" data-id=\"4919980\" data-element_type=\"column\" data-e-type=\"column\">\n\t\t\t<div class=\"elementor-widget-wrap elementor-element-populated\">\n\t\t\t\t\t\t<section class=\"elementor-section elementor-inner-section elementor-element elementor-element-b98ee59 elementor-section-boxed elementor-section-height-default elementor-section-height-default sc_fly_static\" data-id=\"b98ee59\" data-element_type=\"section\" data-e-type=\"section\">\n\t\t\t\t\t\t<div class=\"elementor-container elementor-column-gap-extended\">\n\t\t\t\t\t<div class=\"elementor-column elementor-col-50 elementor-inner-column elementor-element elementor-element-7997511 sc_bg_mask_4 sc_content_align_inherit sc_layouts_column_icons_position_left sc_fly_static\" data-id=\"7997511\" data-element_type=\"column\" data-e-type=\"column\" data-settings=\"{&quot;background_background&quot;:&quot;classic&quot;}\">\n\t\t\t<div class=\"elementor-widget-wrap elementor-element-populated\">\n\t\t\t\t\t\t<div class=\"elementor-element elementor-element-57b24a9 sc_height_tiny sc_fly_static elementor-widget elementor-widget-spacer\" data-id=\"57b24a9\" data-element_type=\"widget\" data-e-type=\"widget\" data-widget_type=\"spacer.default\">\n\t\t\t\t<div class=\"elementor-widget-container\">\n\t\t\t\t\t\t\t<div class=\"elementor-spacer\">\n\t\t\t<div class=\"elementor-spacer-inner\"><\/div>\n\t\t<\/div>\n\t\t\t\t\t\t<\/div>\n\t\t\t\t<\/div>\n\t\t\t\t<div class=\"elementor-element elementor-element-f61b624 sc_fly_static elementor-widget elementor-widget-heading\" data-id=\"f61b624\" data-element_type=\"widget\" data-e-type=\"widget\" data-widget_type=\"heading.default\">\n\t\t\t\t<div class=\"elementor-widget-container\">\n\t\t\t\t\t<h3 class=\"elementor-heading-title elementor-size-default\">Virtual Gallery of the Regional Museum Jagodina<\/h3>\t\t\t\t<\/div>\n\t\t\t\t<\/div>\n\t\t\t\t<div class=\"elementor-element elementor-element-8c1708e sc_height_small sc_fly_static elementor-widget elementor-widget-spacer\" data-id=\"8c1708e\" data-element_type=\"widget\" data-e-type=\"widget\" data-widget_type=\"spacer.default\">\n\t\t\t\t<div class=\"elementor-widget-container\">\n\t\t\t\t\t\t\t<div class=\"elementor-spacer\">\n\t\t\t<div class=\"elementor-spacer-inner\"><\/div>\n\t\t<\/div>\n\t\t\t\t\t\t<\/div>\n\t\t\t\t<\/div>\n\t\t\t\t<div class=\"elementor-element elementor-element-7c337a6 sc_fly_static elementor-widget elementor-widget-text-editor\" data-id=\"7c337a6\" data-element_type=\"widget\" data-e-type=\"widget\" data-widget_type=\"text-editor.default\">\n\t\t\t\t<div class=\"elementor-widget-container\">\n\t\t\t\t\t\t\t\t\t<p>Author of the exhibition: <a href=\"https:\/\/jagodina.museum\/en\/team\/jasmina-trajkov\/\" target=\"_blank\" rel=\"noopener\">Jasmina Trajkov<\/a><\/p>\t\t\t\t\t\t\t\t<\/div>\n\t\t\t\t<\/div>\n\t\t\t\t<div class=\"elementor-element elementor-element-53cfecd elementor-widget-divider--view-line sc_fly_static elementor-widget elementor-widget-divider\" data-id=\"53cfecd\" data-element_type=\"widget\" data-e-type=\"widget\" data-widget_type=\"divider.default\">\n\t\t\t\t<div class=\"elementor-widget-container\">\n\t\t\t\t\t\t\t<div class=\"elementor-divider\">\n\t\t\t<span class=\"elementor-divider-separator\">\n\t\t\t\t\t\t<\/span>\n\t\t<\/div>\n\t\t\t\t\t\t<\/div>\n\t\t\t\t<\/div>\n\t\t\t\t<div class=\"elementor-element elementor-element-7316994 sc_fly_static elementor-widget elementor-widget-image\" data-id=\"7316994\" data-element_type=\"widget\" data-e-type=\"widget\" data-widget_type=\"image.default\">\n\t\t\t\t<div class=\"elementor-widget-container\">\n\t\t\t\t\t\t\t\t\t\t\t\t\t\t\t<img fetchpriority=\"high\" decoding=\"async\" width=\"389\" height=\"600\" src=\"https:\/\/jagodina.museum\/wp-content\/uploads\/2022\/02\/vojkan-foto.jpg\" class=\"attachment-large size-large wp-image-17257\" alt=\"\" srcset=\"https:\/\/jagodina.museum\/wp-content\/uploads\/2022\/02\/vojkan-foto.jpg 389w, https:\/\/jagodina.museum\/wp-content\/uploads\/2022\/02\/vojkan-foto-195x300.jpg 195w, https:\/\/jagodina.museum\/wp-content\/uploads\/2022\/02\/vojkan-foto-370x571.jpg 370w\" sizes=\"(max-width: 767px) 100vw, 389px\" \/>\t\t\t\t\t\t\t\t\t\t\t\t\t\t\t<\/div>\n\t\t\t\t<\/div>\n\t\t\t\t<div class=\"elementor-element elementor-element-d46e97b elementor-widget-divider--view-line sc_fly_static elementor-widget elementor-widget-divider\" data-id=\"d46e97b\" data-element_type=\"widget\" data-e-type=\"widget\" data-widget_type=\"divider.default\">\n\t\t\t\t<div class=\"elementor-widget-container\">\n\t\t\t\t\t\t\t<div class=\"elementor-divider\">\n\t\t\t<span class=\"elementor-divider-separator\">\n\t\t\t\t\t\t<\/span>\n\t\t<\/div>\n\t\t\t\t\t\t<\/div>\n\t\t\t\t<\/div>\n\t\t\t\t<div class=\"elementor-element elementor-element-2a322f8 sc_fly_static elementor-widget elementor-widget-text-editor\" data-id=\"2a322f8\" data-element_type=\"widget\" data-e-type=\"widget\" data-widget_type=\"text-editor.default\">\n\t\t\t\t<div class=\"elementor-widget-container\">\n\t\t\t\t\t\t\t\t\t<p>Vojin Veli\u010dkovi\u0107 Vojkan was born in Belgrade in 1914. He moved with his family to Para\u0107in, his mother&#8217;s birthplace. After graduating from high school, he enrolled in the teaching department of the Art School in Belgrade in 1932, and in September 1937 he enrolled in the Academic Department of the Art School where his lecturers were artists such as Ivan Radovi\u0107, Beta Vukanovi\u0107, Ljubo Popovi\u0107, Nikola Be\u0161evi\u0107, Petar Palavi\u010dini. ..After finishing school, he was appointed a teacher of skills, first in Kumanovo, then in Negotin, and then in 1941 he became a lecturer at the Real Gymnasium in Jagodina, where, with short breaks, he will remain for the next five decades. He died in Jagodina in 2001.<\/p>\t\t\t\t\t\t\t\t<\/div>\n\t\t\t\t<\/div>\n\t\t\t\t<div class=\"elementor-element elementor-element-487a80e sc_fly_static elementor-widget elementor-widget-spacer\" data-id=\"487a80e\" data-element_type=\"widget\" data-e-type=\"widget\" data-widget_type=\"spacer.default\">\n\t\t\t\t<div class=\"elementor-widget-container\">\n\t\t\t\t\t\t\t<div class=\"elementor-spacer\">\n\t\t\t<div class=\"elementor-spacer-inner\"><\/div>\n\t\t<\/div>\n\t\t\t\t\t\t<\/div>\n\t\t\t\t<\/div>\n\t\t\t\t\t<\/div>\n\t\t<\/div>\n\t\t\t\t<div class=\"elementor-column elementor-col-50 elementor-inner-column elementor-element elementor-element-7b0e4b7 sc_content_align_inherit sc_layouts_column_icons_position_left sc_fly_static\" data-id=\"7b0e4b7\" data-element_type=\"column\" data-e-type=\"column\">\n\t\t\t<div class=\"elementor-widget-wrap elementor-element-populated\">\n\t\t\t\t\t\t<div class=\"elementor-element elementor-element-dd1c6e6 sc_height_tiny sc_fly_static elementor-widget elementor-widget-spacer\" data-id=\"dd1c6e6\" data-element_type=\"widget\" data-e-type=\"widget\" data-widget_type=\"spacer.default\">\n\t\t\t\t<div class=\"elementor-widget-container\">\n\t\t\t\t\t\t\t<div class=\"elementor-spacer\">\n\t\t\t<div class=\"elementor-spacer-inner\"><\/div>\n\t\t<\/div>\n\t\t\t\t\t\t<\/div>\n\t\t\t\t<\/div>\n\t\t\t\t<div class=\"elementor-element elementor-element-a15ca84 elementor-drop-cap-yes elementor-drop-cap-view-default sc_fly_static elementor-widget elementor-widget-text-editor\" data-id=\"a15ca84\" data-element_type=\"widget\" data-e-type=\"widget\" data-settings=\"{&quot;drop_cap&quot;:&quot;yes&quot;}\" data-widget_type=\"text-editor.default\">\n\t\t\t\t<div class=\"elementor-widget-container\">\n\t\t\t\t\t\t\t\t\t<p>Vojin Veli\u010dkovi\u0107 Vojkan is one of the most important personalities in the cultural life of Jagodina in the second half of the 20th century. He distinguished himself as an art pedagogue, painter and initiator of art life in the city. As a lecturer at the Gymnasium, he was highly esteemed, and his activity within the Cultural and Artistic Association &#8220;Milan Mijalkovi\u0107&#8221; is considered the beginning of artistic life in the city after the Second World War. This society was founded in March 1945. There were several sections, and by organizing events in the villages and in the city itself, they worked on the development of cultural life. Around 1947, on the initiative of Vojin Veli\u010dkovi\u0107, the Technical Department of the High School Folk Youth (T.O.S.N.O.) was founded within the Association &#8220;Milan Mijalkovi\u0107&#8221;. The main activity of the association T.O.S.N.O. was in the field of visual culture (writing slogans, making posters, banners, scenography, etc.). In March 1949, this association grew into an art section. Gifted students of the Gymnasium in Jagodina were gathered in it, as well as a large number of craftsmen, officials and workers. The section stopped working in 1954 because it did not have adequate conditions for maintaining its activities. It continued to exist only as a school section within the Gymnasium.<\/p><p>A new initiative for gathering artists has been launched after an exhibition of works by six painters from Jagodina, which was organized on the occasion of the November holidays in 1959. One of the participants in the exhibition and the main initiator of this idea was Vojkan Veli\u010dkovi\u0107. The City Association of Fine Artists has intensified its activities since 1963. Its first president was Vojkan Veli\u010dkovi\u0107, who at that time was the only educated artist in the association.<\/p><p>Vojin Veli\u010dkovi\u0107 organized his first solo exhibition in Para\u0107in in 1939, but until 1953 he no longer exhibited independently, but only within the city section or within other collective exhibitions. Since 1953, his solo exhibitions have been held in Para\u0107in, Jagodina and Belgrade, which, as a rule, have been extremely well attended and received positive reviews. In 1965, Veli\u010dkovi\u0107 became a member of the Association of Fine Artists of Serbia (ULUS).<\/p><p>Vojkan Veli\u010dkovi\u0107 painted a large number of works. He worked mostly on landscapes and portraits. He fell in love with the landscape during his studies, when his professor, and our famous artist Ljuba Ivanovi\u0107, gave him a map of his drawings with motifs from Macedonia. Vojkan began to paint the streets of Palilula, and after arriving in Svetozarevo (the name of Jagodina from 1946 to 1992), he began to make landscapes of the old parts of the city. Fellow citizens often had the opportunity to see him standing by his easel during the summer, making paintings on the street, directly experiencing and transferring to the canvas a picture of the old city that is disappearing and receding before the sudden development of the new Svetozarev\u043e.<\/p><p>The art critics of that time emphasized the artistic values of his watercolors, especially the expressiveness of his drawings, while in oil paintings he was criticized for the color that is pale and almost gray, as well as for the uneven quality of the paintings. At the time when the old houses and buildings disappeared, and the streets of the city significantly changed their appearance, Vojkan became a chronicler of old Jagodina, which he immortalized on his canvases.<\/p><p>The collection of the Regional Museum of Jagodina preserves 31 oils and watercolors by this artist, and this virtual exhibition presents those of his works on which old Jagodina is painted as a motif.<\/p>\t\t\t\t\t\t\t\t<\/div>\n\t\t\t\t<\/div>\n\t\t\t\t\t<\/div>\n\t\t<\/div>\n\t\t\t\t\t<\/div>\n\t\t<\/section>\n\t\t\t\t\t<\/div>\n\t\t<\/div>\n\t\t\t\t\t<\/div>\n\t\t<\/section>\n\t\t\t\t<section class=\"elementor-section elementor-top-section elementor-element elementor-element-63b24c5 elementor-section-boxed elementor-section-height-default elementor-section-height-default sc_fly_static\" data-id=\"63b24c5\" data-element_type=\"section\" data-e-type=\"section\">\n\t\t\t\t\t\t<div class=\"elementor-container elementor-column-gap-extended\">\n\t\t\t\t\t<div class=\"elementor-column elementor-col-100 elementor-top-column elementor-element elementor-element-0d8a487 sc_content_align_inherit sc_layouts_column_icons_position_left sc_fly_static\" data-id=\"0d8a487\" data-element_type=\"column\" data-e-type=\"column\">\n\t\t\t<div class=\"elementor-widget-wrap elementor-element-populated\">\n\t\t\t\t\t\t<div class=\"elementor-element elementor-element-04a7b9d sc_fly_static elementor-widget elementor-widget-spacer\" data-id=\"04a7b9d\" data-element_type=\"widget\" data-e-type=\"widget\" data-widget_type=\"spacer.default\">\n\t\t\t\t<div class=\"elementor-widget-container\">\n\t\t\t\t\t\t\t<div class=\"elementor-spacer\">\n\t\t\t<div class=\"elementor-spacer-inner\"><\/div>\n\t\t<\/div>\n\t\t\t\t\t\t<\/div>\n\t\t\t\t<\/div>\n\t\t\t\t<div class=\"elementor-element elementor-element-293330b sc_fly_static elementor-widget elementor-widget-heading\" data-id=\"293330b\" data-element_type=\"widget\" data-e-type=\"widget\" data-widget_type=\"heading.default\">\n\t\t\t\t<div class=\"elementor-widget-container\">\n\t\t\t\t\t<h2 class=\"elementor-heading-title elementor-size-default\">Virtual exhibition<\/h2>\t\t\t\t<\/div>\n\t\t\t\t<\/div>\n\t\t\t\t<div class=\"elementor-element elementor-element-c882e52 sc_fly_static elementor-widget elementor-widget-spacer\" data-id=\"c882e52\" data-element_type=\"widget\" data-e-type=\"widget\" data-widget_type=\"spacer.default\">\n\t\t\t\t<div class=\"elementor-widget-container\">\n\t\t\t\t\t\t\t<div class=\"elementor-spacer\">\n\t\t\t<div class=\"elementor-spacer-inner\"><\/div>\n\t\t<\/div>\n\t\t\t\t\t\t<\/div>\n\t\t\t\t<\/div>\n\t\t\t\t\t<\/div>\n\t\t<\/div>\n\t\t\t\t\t<\/div>\n\t\t<\/section>\n\t\t\t\t<section class=\"elementor-section elementor-top-section elementor-element elementor-element-f55d9a3 elementor-section-boxed elementor-section-height-default elementor-section-height-default sc_fly_static\" data-id=\"f55d9a3\" data-element_type=\"section\" data-e-type=\"section\">\n\t\t\t\t\t\t<div class=\"elementor-container elementor-column-gap-extended\">\n\t\t\t\t\t<div class=\"elementor-column elementor-col-100 elementor-top-column elementor-element elementor-element-4feb21b sc_content_align_inherit sc_layouts_column_icons_position_left sc_fly_static\" data-id=\"4feb21b\" data-element_type=\"column\" data-e-type=\"column\">\n\t\t\t<div class=\"elementor-widget-wrap elementor-element-populated\">\n\t\t\t\t\t\t<div class=\"elementor-element elementor-element-808813b elementor-grid-3 elementor-grid-tablet-2 elementor-grid-mobile-1 sc_fly_static elementor-widget elementor-widget-portfolio\" data-id=\"808813b\" data-element_type=\"widget\" data-e-type=\"widget\" data-settings=\"{&quot;masonry&quot;:&quot;yes&quot;,&quot;row_gap&quot;:{&quot;unit&quot;:&quot;px&quot;,&quot;size&quot;:&quot;10&quot;,&quot;sizes&quot;:[]},&quot;columns&quot;:&quot;3&quot;,&quot;columns_tablet&quot;:&quot;2&quot;,&quot;columns_mobile&quot;:&quot;1&quot;,&quot;item_gap&quot;:{&quot;unit&quot;:&quot;px&quot;,&quot;size&quot;:&quot;&quot;,&quot;sizes&quot;:[]}}\" data-widget_type=\"portfolio.default\">\n\t\t\t\t<div class=\"elementor-widget-container\">\n\t\t\t\t\t\t\t<div class=\"elementor-portfolio elementor-grid elementor-posts-container\" role=\"list\">\n\t\t\t\t<article class=\"elementor-portfolio-item elementor-post  post-17088 cpt_portfolio type-cpt_portfolio status-publish has-post-thumbnail hentry cpt_portfolio_group-art-department cpt_portfolio_group-paintings cpt_portfolio_group-collections cpt_portfolio_group-exhibitions cpt_portfolio_group-vojin-velickovic-en\" role=\"listitem\">\n\t\t\t<a class=\"elementor-post__thumbnail__link\" href=\"https:\/\/jagodina.museum\/en\/portfolio\/centar-svetozareva\/\">\n\t\t\t\t<div class=\"elementor-portfolio-item__img elementor-post__thumbnail\">\n\t\t\t<img decoding=\"async\" width=\"770\" height=\"594\" src=\"https:\/\/jagodina.museum\/wp-content\/uploads\/2022\/02\/1027-770x594.jpg\" class=\"attachment-ozeum-thumb-masonry-big size-ozeum-thumb-masonry-big wp-image-17081\" alt=\"\" srcset=\"https:\/\/jagodina.museum\/wp-content\/uploads\/2022\/02\/1027-770x594.jpg 770w, https:\/\/jagodina.museum\/wp-content\/uploads\/2022\/02\/1027-300x232.jpg 300w, https:\/\/jagodina.museum\/wp-content\/uploads\/2022\/02\/1027-1024x790.jpg 1024w, https:\/\/jagodina.museum\/wp-content\/uploads\/2022\/02\/1027-768x593.jpg 768w, https:\/\/jagodina.museum\/wp-content\/uploads\/2022\/02\/1027-370x286.jpg 370w, https:\/\/jagodina.museum\/wp-content\/uploads\/2022\/02\/1027.jpg 1200w\" sizes=\"(max-width: 770px) 100vw, 770px\" \/>\t\t<\/div>\n\t\t\t\t<div class=\"elementor-portfolio-item__overlay\">\n\t\t\t\t<h3 class=\"elementor-portfolio-item__title\">\n\t\tThe Center of Svetozarevo\t\t<\/h3>\n\t\t\t\t<\/div>\n\t\t\t\t<\/a>\n\t\t<\/article>\n\t\t\t\t<article class=\"elementor-portfolio-item elementor-post  post-17082 cpt_portfolio type-cpt_portfolio status-publish has-post-thumbnail hentry cpt_portfolio_group-art-department cpt_portfolio_group-paintings cpt_portfolio_group-collections cpt_portfolio_group-exhibitions cpt_portfolio_group-vojin-velickovic-en\" role=\"listitem\">\n\t\t\t<a class=\"elementor-post__thumbnail__link\" href=\"https:\/\/jagodina.museum\/en\/portfolio\/tolope-svetozarevo\/\">\n\t\t\t\t<div class=\"elementor-portfolio-item__img elementor-post__thumbnail\">\n\t\t\t<img decoding=\"async\" width=\"770\" height=\"598\" src=\"https:\/\/jagodina.museum\/wp-content\/uploads\/2022\/02\/997-770x598.jpg\" class=\"attachment-ozeum-thumb-masonry-big size-ozeum-thumb-masonry-big wp-image-17079\" alt=\"\" srcset=\"https:\/\/jagodina.museum\/wp-content\/uploads\/2022\/02\/997-770x598.jpg 770w, https:\/\/jagodina.museum\/wp-content\/uploads\/2022\/02\/997-300x233.jpg 300w, https:\/\/jagodina.museum\/wp-content\/uploads\/2022\/02\/997-1024x795.jpg 1024w, https:\/\/jagodina.museum\/wp-content\/uploads\/2022\/02\/997-768x596.jpg 768w, https:\/\/jagodina.museum\/wp-content\/uploads\/2022\/02\/997-370x287.jpg 370w, https:\/\/jagodina.museum\/wp-content\/uploads\/2022\/02\/997.jpg 1200w\" sizes=\"(max-width: 770px) 100vw, 770px\" \/>\t\t<\/div>\n\t\t\t\t<div class=\"elementor-portfolio-item__overlay\">\n\t\t\t\t<h3 class=\"elementor-portfolio-item__title\">\n\t\tPoplars on the banks of the river Belica &#8211; Svetozarevo\t\t<\/h3>\n\t\t\t\t<\/div>\n\t\t\t\t<\/a>\n\t\t<\/article>\n\t\t\t\t<article class=\"elementor-portfolio-item elementor-post  post-16048 cpt_portfolio type-cpt_portfolio status-publish has-post-thumbnail hentry cpt_portfolio_group-art-department cpt_portfolio_group-paintings cpt_portfolio_group-collections cpt_portfolio_group-exhibitions cpt_portfolio_group-vojin-velickovic-en\" role=\"listitem\">\n\t\t\t<a class=\"elementor-post__thumbnail__link\" href=\"https:\/\/jagodina.museum\/en\/portfolio\/svetozarevo-skver\/\">\n\t\t\t\t<div class=\"elementor-portfolio-item__img elementor-post__thumbnail\">\n\t\t\t<img loading=\"lazy\" decoding=\"async\" width=\"770\" height=\"597\" src=\"https:\/\/jagodina.museum\/wp-content\/uploads\/2021\/07\/svetozarevo-skver-770x597.jpg\" class=\"attachment-ozeum-thumb-masonry-big size-ozeum-thumb-masonry-big wp-image-16023\" alt=\"\" srcset=\"https:\/\/jagodina.museum\/wp-content\/uploads\/2021\/07\/svetozarevo-skver-770x597.jpg 770w, https:\/\/jagodina.museum\/wp-content\/uploads\/2021\/07\/svetozarevo-skver-300x233.jpg 300w, https:\/\/jagodina.museum\/wp-content\/uploads\/2021\/07\/svetozarevo-skver-1024x794.jpg 1024w, https:\/\/jagodina.museum\/wp-content\/uploads\/2021\/07\/svetozarevo-skver-768x595.jpg 768w, https:\/\/jagodina.museum\/wp-content\/uploads\/2021\/07\/svetozarevo-skver-370x287.jpg 370w, https:\/\/jagodina.museum\/wp-content\/uploads\/2021\/07\/svetozarevo-skver.jpg 1200w\" sizes=\"(max-width: 770px) 100vw, 770px\" \/>\t\t<\/div>\n\t\t\t\t<div class=\"elementor-portfolio-item__overlay\">\n\t\t\t\t<h3 class=\"elementor-portfolio-item__title\">\n\t\tSvetozarevo (The Square)\t\t<\/h3>\n\t\t\t\t<\/div>\n\t\t\t\t<\/a>\n\t\t<\/article>\n\t\t\t\t<article class=\"elementor-portfolio-item elementor-post  post-16042 cpt_portfolio type-cpt_portfolio status-publish has-post-thumbnail hentry cpt_portfolio_group-art-department cpt_portfolio_group-paintings cpt_portfolio_group-collections cpt_portfolio_group-exhibitions cpt_portfolio_group-vojin-velickovic-en\" role=\"listitem\">\n\t\t\t<a class=\"elementor-post__thumbnail__link\" href=\"https:\/\/jagodina.museum\/en\/portfolio\/levacka-carsija\/\">\n\t\t\t\t<div class=\"elementor-portfolio-item__img elementor-post__thumbnail\">\n\t\t\t<img loading=\"lazy\" decoding=\"async\" width=\"770\" height=\"579\" src=\"https:\/\/jagodina.museum\/wp-content\/uploads\/2021\/07\/levacka-carsija-770x579.jpg\" class=\"attachment-ozeum-thumb-masonry-big size-ozeum-thumb-masonry-big wp-image-16021\" alt=\"\" srcset=\"https:\/\/jagodina.museum\/wp-content\/uploads\/2021\/07\/levacka-carsija-770x579.jpg 770w, https:\/\/jagodina.museum\/wp-content\/uploads\/2021\/07\/levacka-carsija-300x226.jpg 300w, https:\/\/jagodina.museum\/wp-content\/uploads\/2021\/07\/levacka-carsija-1024x770.jpg 1024w, https:\/\/jagodina.museum\/wp-content\/uploads\/2021\/07\/levacka-carsija-768x577.jpg 768w, https:\/\/jagodina.museum\/wp-content\/uploads\/2021\/07\/levacka-carsija-370x278.jpg 370w, https:\/\/jagodina.museum\/wp-content\/uploads\/2021\/07\/levacka-carsija.jpg 1200w\" sizes=\"(max-width: 770px) 100vw, 770px\" \/>\t\t<\/div>\n\t\t\t\t<div class=\"elementor-portfolio-item__overlay\">\n\t\t\t\t<h3 class=\"elementor-portfolio-item__title\">\n\t\tLeva\u010dka \u010dar\u0161ija\t\t<\/h3>\n\t\t\t\t<\/div>\n\t\t\t\t<\/a>\n\t\t<\/article>\n\t\t\t\t<article class=\"elementor-portfolio-item elementor-post  post-16036 cpt_portfolio type-cpt_portfolio status-publish has-post-thumbnail hentry cpt_portfolio_group-art-department cpt_portfolio_group-paintings cpt_portfolio_group-collections cpt_portfolio_group-exhibitions cpt_portfolio_group-vojin-velickovic-en\" role=\"listitem\">\n\t\t\t<a class=\"elementor-post__thumbnail__link\" href=\"https:\/\/jagodina.museum\/en\/portfolio\/kocin-hrast\/\">\n\t\t\t\t<div class=\"elementor-portfolio-item__img elementor-post__thumbnail\">\n\t\t\t<img loading=\"lazy\" decoding=\"async\" width=\"770\" height=\"602\" src=\"https:\/\/jagodina.museum\/wp-content\/uploads\/2021\/07\/kocin-hrast-770x602.jpg\" class=\"attachment-ozeum-thumb-masonry-big size-ozeum-thumb-masonry-big wp-image-16019\" alt=\"\" srcset=\"https:\/\/jagodina.museum\/wp-content\/uploads\/2021\/07\/kocin-hrast-770x602.jpg 770w, https:\/\/jagodina.museum\/wp-content\/uploads\/2021\/07\/kocin-hrast-300x235.jpg 300w, https:\/\/jagodina.museum\/wp-content\/uploads\/2021\/07\/kocin-hrast-1024x800.jpg 1024w, https:\/\/jagodina.museum\/wp-content\/uploads\/2021\/07\/kocin-hrast-768x600.jpg 768w, https:\/\/jagodina.museum\/wp-content\/uploads\/2021\/07\/kocin-hrast-370x289.jpg 370w, https:\/\/jagodina.museum\/wp-content\/uploads\/2021\/07\/kocin-hrast.jpg 1200w\" sizes=\"(max-width: 770px) 100vw, 770px\" \/>\t\t<\/div>\n\t\t\t\t<div class=\"elementor-portfolio-item__overlay\">\n\t\t\t\t<h3 class=\"elementor-portfolio-item__title\">\n\t\tThe oak of Ko\u010da in Ko\u010dino selo\t\t<\/h3>\n\t\t\t\t<\/div>\n\t\t\t\t<\/a>\n\t\t<\/article>\n\t\t\t\t<article class=\"elementor-portfolio-item elementor-post  post-16030 cpt_portfolio type-cpt_portfolio status-publish has-post-thumbnail hentry cpt_portfolio_group-art-department cpt_portfolio_group-paintings cpt_portfolio_group-collections cpt_portfolio_group-exhibitions cpt_portfolio_group-vojin-velickovic-en\" role=\"listitem\">\n\t\t\t<a class=\"elementor-post__thumbnail__link\" href=\"https:\/\/jagodina.museum\/en\/portfolio\/dzambas-kafana\/\">\n\t\t\t\t<div class=\"elementor-portfolio-item__img elementor-post__thumbnail\">\n\t\t\t<img loading=\"lazy\" decoding=\"async\" width=\"770\" height=\"594\" src=\"https:\/\/jagodina.museum\/wp-content\/uploads\/2021\/07\/dzambas-kafana-770x594.jpg\" class=\"attachment-ozeum-thumb-masonry-big size-ozeum-thumb-masonry-big wp-image-16017\" alt=\"\" srcset=\"https:\/\/jagodina.museum\/wp-content\/uploads\/2021\/07\/dzambas-kafana-770x594.jpg 770w, https:\/\/jagodina.museum\/wp-content\/uploads\/2021\/07\/dzambas-kafana-300x232.jpg 300w, https:\/\/jagodina.museum\/wp-content\/uploads\/2021\/07\/dzambas-kafana-1024x790.jpg 1024w, https:\/\/jagodina.museum\/wp-content\/uploads\/2021\/07\/dzambas-kafana-768x593.jpg 768w, https:\/\/jagodina.museum\/wp-content\/uploads\/2021\/07\/dzambas-kafana-370x286.jpg 370w, https:\/\/jagodina.museum\/wp-content\/uploads\/2021\/07\/dzambas-kafana.jpg 1200w\" sizes=\"(max-width: 770px) 100vw, 770px\" \/>\t\t<\/div>\n\t\t\t\t<div class=\"elementor-portfolio-item__overlay\">\n\t\t\t\t<h3 class=\"elementor-portfolio-item__title\">\n\t\tD\u017eambas tavern\t\t<\/h3>\n\t\t\t\t<\/div>\n\t\t\t\t<\/a>\n\t\t<\/article>\n\t\t\t\t<article class=\"elementor-portfolio-item elementor-post  post-16024 cpt_portfolio type-cpt_portfolio status-publish has-post-thumbnail hentry cpt_portfolio_group-art-department cpt_portfolio_group-paintings cpt_portfolio_group-collections cpt_portfolio_group-exhibitions cpt_portfolio_group-vojin-velickovic-en\" role=\"listitem\">\n\t\t\t<a class=\"elementor-post__thumbnail__link\" href=\"https:\/\/jagodina.museum\/en\/portfolio\/araclijska-cesma-u-djurdjevom-brdu\/\">\n\t\t\t\t<div class=\"elementor-portfolio-item__img elementor-post__thumbnail\">\n\t\t\t<img loading=\"lazy\" decoding=\"async\" width=\"770\" height=\"594\" src=\"https:\/\/jagodina.museum\/wp-content\/uploads\/2021\/07\/araclijska-cesma-770x594.jpg\" class=\"attachment-ozeum-thumb-masonry-big size-ozeum-thumb-masonry-big wp-image-16015\" alt=\"\" srcset=\"https:\/\/jagodina.museum\/wp-content\/uploads\/2021\/07\/araclijska-cesma-770x594.jpg 770w, https:\/\/jagodina.museum\/wp-content\/uploads\/2021\/07\/araclijska-cesma-300x232.jpg 300w, https:\/\/jagodina.museum\/wp-content\/uploads\/2021\/07\/araclijska-cesma-1024x790.jpg 1024w, https:\/\/jagodina.museum\/wp-content\/uploads\/2021\/07\/araclijska-cesma-768x593.jpg 768w, https:\/\/jagodina.museum\/wp-content\/uploads\/2021\/07\/araclijska-cesma-370x286.jpg 370w, https:\/\/jagodina.museum\/wp-content\/uploads\/2021\/07\/araclijska-cesma.jpg 1200w\" sizes=\"(max-width: 770px) 100vw, 770px\" \/>\t\t<\/div>\n\t\t\t\t<div class=\"elementor-portfolio-item__overlay\">\n\t\t\t\t<h3 class=\"elementor-portfolio-item__title\">\n\t\tAra\u010dlijska fountain at \u0110ur\u0111evo brdo\t\t<\/h3>\n\t\t\t\t<\/div>\n\t\t\t\t<\/a>\n\t\t<\/article>\n\t\t\t\t<article class=\"elementor-portfolio-item elementor-post  post-5804 cpt_portfolio type-cpt_portfolio status-publish has-post-thumbnail hentry cpt_portfolio_group-art-department cpt_portfolio_group-paintings cpt_portfolio_group-collections cpt_portfolio_group-exhibitions cpt_portfolio_group-vojin-velickovic-en\" role=\"listitem\">\n\t\t\t<a class=\"elementor-post__thumbnail__link\" href=\"https:\/\/jagodina.museum\/en\/portfolio\/raskrsce\/\">\n\t\t\t\t<div class=\"elementor-portfolio-item__img elementor-post__thumbnail\">\n\t\t\t<img loading=\"lazy\" decoding=\"async\" width=\"770\" height=\"639\" src=\"https:\/\/jagodina.museum\/wp-content\/uploads\/2021\/03\/Raskrsce-770x639.png\" class=\"attachment-ozeum-thumb-masonry-big size-ozeum-thumb-masonry-big wp-image-5737\" alt=\"Crossroads, 1981\" srcset=\"https:\/\/jagodina.museum\/wp-content\/uploads\/2021\/03\/Raskrsce-770x639.png 770w, https:\/\/jagodina.museum\/wp-content\/uploads\/2021\/03\/Raskrsce-300x249.png 300w, https:\/\/jagodina.museum\/wp-content\/uploads\/2021\/03\/Raskrsce-1024x850.png 1024w, https:\/\/jagodina.museum\/wp-content\/uploads\/2021\/03\/Raskrsce-768x637.png 768w, https:\/\/jagodina.museum\/wp-content\/uploads\/2021\/03\/Raskrsce-370x307.png 370w, https:\/\/jagodina.museum\/wp-content\/uploads\/2021\/03\/Raskrsce.png 1200w\" sizes=\"(max-width: 770px) 100vw, 770px\" \/>\t\t<\/div>\n\t\t\t\t<div class=\"elementor-portfolio-item__overlay\">\n\t\t\t\t<h3 class=\"elementor-portfolio-item__title\">\n\t\tCrossroads\t\t<\/h3>\n\t\t\t\t<\/div>\n\t\t\t\t<\/a>\n\t\t<\/article>\n\t\t\t\t<article class=\"elementor-portfolio-item elementor-post  post-4941 cpt_portfolio type-cpt_portfolio status-publish has-post-thumbnail hentry cpt_portfolio_group-art-department cpt_portfolio_group-paintings cpt_portfolio_group-collections cpt_portfolio_group-exhibitions cpt_portfolio_group-vojin-velickovic-en\" role=\"listitem\">\n\t\t\t<a class=\"elementor-post__thumbnail__link\" href=\"https:\/\/jagodina.museum\/en\/portfolio\/colorful-tavern\/\">\n\t\t\t\t<div class=\"elementor-portfolio-item__img elementor-post__thumbnail\">\n\t\t\t<img loading=\"lazy\" decoding=\"async\" width=\"770\" height=\"589\" src=\"https:\/\/jagodina.museum\/wp-content\/uploads\/2021\/03\/vojin_velickovic_sarena_kafana-770x589.jpg\" class=\"attachment-ozeum-thumb-masonry-big size-ozeum-thumb-masonry-big wp-image-4943\" alt=\"\" srcset=\"https:\/\/jagodina.museum\/wp-content\/uploads\/2021\/03\/vojin_velickovic_sarena_kafana-770x589.jpg 770w, https:\/\/jagodina.museum\/wp-content\/uploads\/2021\/03\/vojin_velickovic_sarena_kafana-300x230.jpg 300w, https:\/\/jagodina.museum\/wp-content\/uploads\/2021\/03\/vojin_velickovic_sarena_kafana-1024x783.jpg 1024w, https:\/\/jagodina.museum\/wp-content\/uploads\/2021\/03\/vojin_velickovic_sarena_kafana-768x588.jpg 768w, https:\/\/jagodina.museum\/wp-content\/uploads\/2021\/03\/vojin_velickovic_sarena_kafana-1536x1175.jpg 1536w, https:\/\/jagodina.museum\/wp-content\/uploads\/2021\/03\/vojin_velickovic_sarena_kafana-370x283.jpg 370w, https:\/\/jagodina.museum\/wp-content\/uploads\/2021\/03\/vojin_velickovic_sarena_kafana.jpg 1673w\" sizes=\"(max-width: 770px) 100vw, 770px\" \/>\t\t<\/div>\n\t\t\t\t<div class=\"elementor-portfolio-item__overlay\">\n\t\t\t\t<h3 class=\"elementor-portfolio-item__title\">\n\t\t&#8220;\u0160arena kafana&#8221; tavern\t\t<\/h3>\n\t\t\t\t<\/div>\n\t\t\t\t<\/a>\n\t\t<\/article>\n\t\t\t\t<article class=\"elementor-portfolio-item elementor-post  post-4916 cpt_portfolio type-cpt_portfolio status-publish has-post-thumbnail hentry cpt_portfolio_group-art-department cpt_portfolio_group-paintings cpt_portfolio_group-collections cpt_portfolio_group-exhibitions cpt_portfolio_group-vojin-velickovic-en\" role=\"listitem\">\n\t\t\t<a class=\"elementor-post__thumbnail__link\" href=\"https:\/\/jagodina.museum\/en\/portfolio\/ulica-maksima-gorkog\/\">\n\t\t\t\t<div class=\"elementor-portfolio-item__img elementor-post__thumbnail\">\n\t\t\t<img loading=\"lazy\" decoding=\"async\" width=\"770\" height=\"513\" src=\"https:\/\/jagodina.museum\/wp-content\/uploads\/2021\/03\/ulica_maksima_gorkog-770x513.jpg\" class=\"attachment-ozeum-thumb-masonry-big size-ozeum-thumb-masonry-big wp-image-4912\" alt=\"Maskim Gorkog Street\" srcset=\"https:\/\/jagodina.museum\/wp-content\/uploads\/2021\/03\/ulica_maksima_gorkog-770x513.jpg 770w, https:\/\/jagodina.museum\/wp-content\/uploads\/2021\/03\/ulica_maksima_gorkog-300x200.jpg 300w, https:\/\/jagodina.museum\/wp-content\/uploads\/2021\/03\/ulica_maksima_gorkog-1024x683.jpg 1024w, https:\/\/jagodina.museum\/wp-content\/uploads\/2021\/03\/ulica_maksima_gorkog-768x512.jpg 768w, https:\/\/jagodina.museum\/wp-content\/uploads\/2021\/03\/ulica_maksima_gorkog-1536x1024.jpg 1536w, https:\/\/jagodina.museum\/wp-content\/uploads\/2021\/03\/ulica_maksima_gorkog-370x247.jpg 370w, https:\/\/jagodina.museum\/wp-content\/uploads\/2021\/03\/ulica_maksima_gorkog.jpg 1920w\" sizes=\"(max-width: 770px) 100vw, 770px\" \/>\t\t<\/div>\n\t\t\t\t<div class=\"elementor-portfolio-item__overlay\">\n\t\t\t\t<h3 class=\"elementor-portfolio-item__title\">\n\t\tMaksima Gorkog Street\t\t<\/h3>\n\t\t\t\t<\/div>\n\t\t\t\t<\/a>\n\t\t<\/article>\n\t\t\t\t<\/div>\n\t\t\t\t\t\t<\/div>\n\t\t\t\t<\/div>\n\t\t\t\t\t<\/div>\n\t\t<\/div>\n\t\t\t\t\t<\/div>\n\t\t<\/section>\n\t\t\t\t<section class=\"elementor-section elementor-top-section elementor-element elementor-element-b22c42d elementor-section-boxed elementor-section-height-default elementor-section-height-default sc_fly_static\" data-id=\"b22c42d\" data-element_type=\"section\" data-e-type=\"section\">\n\t\t\t\t\t\t<div class=\"elementor-container elementor-column-gap-extended\">\n\t\t\t\t\t<div class=\"elementor-column elementor-col-100 elementor-top-column elementor-element elementor-element-6565de4 sc_content_align_inherit sc_layouts_column_icons_position_left sc_fly_static\" data-id=\"6565de4\" data-element_type=\"column\" data-e-type=\"column\">\n\t\t\t<div class=\"elementor-widget-wrap\">\n\t\t\t\t\t\t\t<\/div>\n\t\t<\/div>\n\t\t\t\t\t<\/div>\n\t\t<\/section>\n\t\t\t\t<\/div>\n\t\t","protected":false},"excerpt":{"rendered":"<p>Virtual Gallery of the Regional Museum Jagodina Author of the exhibition: Jasmina Trajkov Vojin Veli\u010dkovi\u0107 Vojkan was born in Belgrade in 1914. He moved with his family to Para\u0107in, his mother&#8217;s birthplace. After graduating from high school, he enrolled in the teaching department of the&hellip;<\/p>\n","protected":false},"author":3,"featured_media":17081,"parent":6377,"menu_order":0,"comment_status":"closed","ping_status":"closed","template":"","meta":{"footnotes":""},"class_list":["post-17267","page","type-page","status-publish","has-post-thumbnail","hentry"],"_links":{"self":[{"href":"https:\/\/jagodina.museum\/en\/wp-json\/wp\/v2\/pages\/17267","targetHints":{"allow":["GET"]}}],"collection":[{"href":"https:\/\/jagodina.museum\/en\/wp-json\/wp\/v2\/pages"}],"about":[{"href":"https:\/\/jagodina.museum\/en\/wp-json\/wp\/v2\/types\/page"}],"author":[{"embeddable":true,"href":"https:\/\/jagodina.museum\/en\/wp-json\/wp\/v2\/users\/3"}],"replies":[{"embeddable":true,"href":"https:\/\/jagodina.museum\/en\/wp-json\/wp\/v2\/comments?post=17267"}],"version-history":[{"count":0,"href":"https:\/\/jagodina.museum\/en\/wp-json\/wp\/v2\/pages\/17267\/revisions"}],"up":[{"embeddable":true,"href":"https:\/\/jagodina.museum\/en\/wp-json\/wp\/v2\/pages\/6377"}],"wp:featuredmedia":[{"embeddable":true,"href":"https:\/\/jagodina.museum\/en\/wp-json\/wp\/v2\/media\/17081"}],"wp:attachment":[{"href":"https:\/\/jagodina.museum\/en\/wp-json\/wp\/v2\/media?parent=17267"}],"curies":[{"name":"wp","href":"https:\/\/api.w.org\/{rel}","templated":true}]}}