{"id":28987,"date":"2026-04-28T09:19:17","date_gmt":"2026-04-28T07:19:17","guid":{"rendered":"https:\/\/jagodina.museum\/exhibitions\/ilija-ika-vukicevic\/"},"modified":"2026-04-28T09:25:28","modified_gmt":"2026-04-28T07:25:28","slug":"ilija-ika-vukicevic","status":"publish","type":"page","link":"https:\/\/jagodina.museum\/en\/exhibitions\/ilija-ika-vukicevic\/","title":{"rendered":"Ilija Ika Vuki\u0107evi\u0107: in the world of silence and small creatures"},"content":{"rendered":"\t\t<div data-elementor-type=\"wp-page\" data-elementor-id=\"28987\" class=\"elementor elementor-28987 elementor-28954\" data-elementor-post-type=\"page\">\n\t\t\t\t\t\t<section class=\"elementor-section elementor-top-section elementor-element elementor-element-3c73c04 elementor-section-boxed elementor-section-height-default elementor-section-height-default sc_fly_static\" data-id=\"3c73c04\" data-element_type=\"section\" data-e-type=\"section\">\n\t\t\t\t\t\t<div class=\"elementor-container elementor-column-gap-extended\">\n\t\t\t\t\t<div class=\"elementor-column elementor-col-100 elementor-top-column elementor-element elementor-element-4919980 sc_content_align_inherit sc_layouts_column_icons_position_left sc_fly_static\" data-id=\"4919980\" data-element_type=\"column\" data-e-type=\"column\">\n\t\t\t<div class=\"elementor-widget-wrap elementor-element-populated\">\n\t\t\t\t\t\t<section class=\"elementor-section elementor-inner-section elementor-element elementor-element-b98ee59 elementor-section-boxed elementor-section-height-default elementor-section-height-default sc_fly_static\" data-id=\"b98ee59\" data-element_type=\"section\" data-e-type=\"section\">\n\t\t\t\t\t\t<div class=\"elementor-container elementor-column-gap-extended\">\n\t\t\t\t\t<div class=\"elementor-column elementor-col-50 elementor-inner-column elementor-element elementor-element-7997511 sc_bg_mask_4 sc_content_align_inherit sc_layouts_column_icons_position_left sc_fly_static\" data-id=\"7997511\" data-element_type=\"column\" data-e-type=\"column\" data-settings=\"{&quot;background_background&quot;:&quot;classic&quot;}\">\n\t\t\t<div class=\"elementor-widget-wrap elementor-element-populated\">\n\t\t\t\t\t\t<div class=\"elementor-element elementor-element-83de8b0 sc_height_tiny sc_fly_static elementor-widget elementor-widget-spacer\" data-id=\"83de8b0\" data-element_type=\"widget\" data-e-type=\"widget\" data-widget_type=\"spacer.default\">\n\t\t\t\t<div class=\"elementor-widget-container\">\n\t\t\t\t\t\t\t<div class=\"elementor-spacer\">\n\t\t\t<div class=\"elementor-spacer-inner\"><\/div>\n\t\t<\/div>\n\t\t\t\t\t\t<\/div>\n\t\t\t\t<\/div>\n\t\t\t\t<div class=\"elementor-element elementor-element-a9fd2a5 sc_fly_static elementor-widget elementor-widget-heading\" data-id=\"a9fd2a5\" data-element_type=\"widget\" data-e-type=\"widget\" data-widget_type=\"heading.default\">\n\t\t\t\t<div class=\"elementor-widget-container\">\n\t\t\t\t\t<h3 class=\"elementor-heading-title elementor-size-default\">Gallery of the Regional Museum Jagodina\n<\/h3>\t\t\t\t<\/div>\n\t\t\t\t<\/div>\n\t\t\t\t<div class=\"elementor-element elementor-element-c81e51a elementor-widget-divider--view-line sc_fly_static elementor-widget elementor-widget-divider\" data-id=\"c81e51a\" data-element_type=\"widget\" data-e-type=\"widget\" data-widget_type=\"divider.default\">\n\t\t\t\t<div class=\"elementor-widget-container\">\n\t\t\t\t\t\t\t<div class=\"elementor-divider\">\n\t\t\t<span class=\"elementor-divider-separator\">\n\t\t\t\t\t\t<\/span>\n\t\t<\/div>\n\t\t\t\t\t\t<\/div>\n\t\t\t\t<\/div>\n\t\t\t\t<div class=\"elementor-element elementor-element-4d53a29 sc_fly_static elementor-widget elementor-widget-text-editor\" data-id=\"4d53a29\" data-element_type=\"widget\" data-e-type=\"widget\" data-widget_type=\"text-editor.default\">\n\t\t\t\t<div class=\"elementor-widget-container\">\n\t\t\t\t\t\t\t\t\t<p>EXHIBITION DURATION: April 25 \u2013 May 5, 2025<\/p>\t\t\t\t\t\t\t\t<\/div>\n\t\t\t\t<\/div>\n\t\t\t\t<div class=\"elementor-element elementor-element-bfb125a sc_fly_static elementor-widget elementor-widget-text-editor\" data-id=\"bfb125a\" data-element_type=\"widget\" data-e-type=\"widget\" data-widget_type=\"text-editor.default\">\n\t\t\t\t<div class=\"elementor-widget-container\">\n\t\t\t\t\t\t\t\t\t<p>Author of the exhibition:\u00a0<a href=\"https:\/\/jagodina.museum\/en\/team\/jasmina-trajkov\/\" target=\"_blank\" rel=\"noopener\">Jasmina Trajkov<\/a><\/p>\t\t\t\t\t\t\t\t<\/div>\n\t\t\t\t<\/div>\n\t\t\t\t<div class=\"elementor-element elementor-element-53cfecd elementor-widget-divider--view-line sc_fly_static elementor-widget elementor-widget-divider\" data-id=\"53cfecd\" data-element_type=\"widget\" data-e-type=\"widget\" data-widget_type=\"divider.default\">\n\t\t\t\t<div class=\"elementor-widget-container\">\n\t\t\t\t\t\t\t<div class=\"elementor-divider\">\n\t\t\t<span class=\"elementor-divider-separator\">\n\t\t\t\t\t\t<\/span>\n\t\t<\/div>\n\t\t\t\t\t\t<\/div>\n\t\t\t\t<\/div>\n\t\t\t\t<div class=\"elementor-element elementor-element-11f89fe sc_fly_static elementor-widget elementor-widget-image\" data-id=\"11f89fe\" data-element_type=\"widget\" data-e-type=\"widget\" data-widget_type=\"image.default\">\n\t\t\t\t<div class=\"elementor-widget-container\">\n\t\t\t\t\t\t\t\t\t\t\t\t\t\t\t<img fetchpriority=\"high\" decoding=\"async\" width=\"731\" height=\"1024\" src=\"https:\/\/jagodina.museum\/wp-content\/uploads\/2025\/04\/ika-2025-731x1024.jpg\" class=\"attachment-large size-large wp-image-26371\" alt=\"\" srcset=\"https:\/\/jagodina.museum\/wp-content\/uploads\/2025\/04\/ika-2025-731x1024.jpg 731w, https:\/\/jagodina.museum\/wp-content\/uploads\/2025\/04\/ika-2025-214x300.jpg 214w, https:\/\/jagodina.museum\/wp-content\/uploads\/2025\/04\/ika-2025-768x1076.jpg 768w, https:\/\/jagodina.museum\/wp-content\/uploads\/2025\/04\/ika-2025-370x518.jpg 370w, https:\/\/jagodina.museum\/wp-content\/uploads\/2025\/04\/ika-2025-770x1078.jpg 770w, https:\/\/jagodina.museum\/wp-content\/uploads\/2025\/04\/ika-2025.jpg 1071w\" sizes=\"(max-width: 767px) 100vw, 731px\" \/>\t\t\t\t\t\t\t\t\t\t\t\t\t\t\t<\/div>\n\t\t\t\t<\/div>\n\t\t\t\t<div class=\"elementor-element elementor-element-d46e97b elementor-widget-divider--view-line sc_fly_static elementor-widget elementor-widget-divider\" data-id=\"d46e97b\" data-element_type=\"widget\" data-e-type=\"widget\" data-widget_type=\"divider.default\">\n\t\t\t\t<div class=\"elementor-widget-container\">\n\t\t\t\t\t\t\t<div class=\"elementor-divider\">\n\t\t\t<span class=\"elementor-divider-separator\">\n\t\t\t\t\t\t<\/span>\n\t\t<\/div>\n\t\t\t\t\t\t<\/div>\n\t\t\t\t<\/div>\n\t\t\t\t<div class=\"elementor-element elementor-element-6b93de7 sc_fly_static elementor-widget elementor-widget-heading\" data-id=\"6b93de7\" data-element_type=\"widget\" data-e-type=\"widget\" data-widget_type=\"heading.default\">\n\t\t\t\t<div class=\"elementor-widget-container\">\n\t\t\t\t\t<h3 class=\"elementor-heading-title elementor-size-default\">BIOGRAPHY\n<\/h3>\t\t\t\t<\/div>\n\t\t\t\t<\/div>\n\t\t\t\t<div class=\"elementor-element elementor-element-b5abb21 sc_fly_static elementor-widget elementor-widget-text-editor\" data-id=\"b5abb21\" data-element_type=\"widget\" data-e-type=\"widget\" data-widget_type=\"text-editor.default\">\n\t\t\t\t<div class=\"elementor-widget-container\">\n\t\t\t\t\t\t\t\t\t<p>Ilija Vuki\u0107evi\u0107 was born in Jagodina in 1934. He came from a distinguished Vuki\u0107evi\u0107 family. His grandfather, also named Ilija Vuki\u0107evi\u0107, was a priest \u2014 the parish priest of Ribare village from 1892. His father, Branko, was a judge, and his uncle, Du\u0161an, a history professor and the first director of the Regional Museum of Jagodina.<\/p><p>After completing elementary and high school, Ilija studied General History and Archaeology at the Faculty of Philosophy in Belgrade. He worked as a volunteer at the National Museum in Belgrade and as a part-time illustrator both there and at the Archaeological Institute of the Serbian Academy of Sciences and Arts. He was also employed as a permanent part-time laboratory assistant at the Zoological Department of the Faculty of Natural Sciences and Mathematics in Belgrade. These engagements later had a great influence on the formation of his artistic expression.<\/p><p>From 1963 to 1974, he worked at the Regional Museum in Jagodina as a preparator and documentalist in the Archaeological Department, but he also assisted in educational programs and photographic documentation. He was a man of broad interests \u2014 fascinated by archaeology, history, and art. He was an avid mountaineer, collected over 500 specimens of spiders, and even tagged bats in the Ravanica Cave.<\/p><p>He began painting as an amateur in the early 1950s, when he also exhibited for the first time. He learned from Vojkan Veli\u010dkovi\u0107 and Ljubodrag Jankovi\u0107 Jale. A decade later, he held his first solo exhibition. He was a prolific creator, exhibiting his works at group and solo exhibitions throughout Serbia until 1985. He passed away after an illness on St. Nicholas Day, December 19, 1992, and was buried in the cemetery in Jagodina.<\/p>\t\t\t\t\t\t\t\t<\/div>\n\t\t\t\t<\/div>\n\t\t\t\t<div class=\"elementor-element elementor-element-b878ab0 sc_height_small sc_fly_static elementor-widget elementor-widget-spacer\" data-id=\"b878ab0\" data-element_type=\"widget\" data-e-type=\"widget\" data-widget_type=\"spacer.default\">\n\t\t\t\t<div class=\"elementor-widget-container\">\n\t\t\t\t\t\t\t<div class=\"elementor-spacer\">\n\t\t\t<div class=\"elementor-spacer-inner\"><\/div>\n\t\t<\/div>\n\t\t\t\t\t\t<\/div>\n\t\t\t\t<\/div>\n\t\t\t\t<div class=\"elementor-element elementor-element-7b90761 sc_fly_static elementor-widget elementor-widget-heading\" data-id=\"7b90761\" data-element_type=\"widget\" data-e-type=\"widget\" data-widget_type=\"heading.default\">\n\t\t\t\t<div class=\"elementor-widget-container\">\n\t\t\t\t\t<h3 class=\"elementor-heading-title elementor-size-default\">FROM THE OPENING\n<\/h3>\t\t\t\t<\/div>\n\t\t\t\t<\/div>\n\t\t\t\t<div class=\"elementor-element elementor-element-6afa569 sc_fly_static elementor-widget elementor-widget-gallery\" data-id=\"6afa569\" data-element_type=\"widget\" data-e-type=\"widget\" data-settings=\"{&quot;columns&quot;:&quot;3&quot;,&quot;lazyload&quot;:&quot;yes&quot;,&quot;gallery_layout&quot;:&quot;grid&quot;,&quot;columns_tablet&quot;:2,&quot;columns_mobile&quot;:1,&quot;gap&quot;:{&quot;unit&quot;:&quot;px&quot;,&quot;size&quot;:10,&quot;sizes&quot;:[]},&quot;gap_tablet&quot;:{&quot;unit&quot;:&quot;px&quot;,&quot;size&quot;:10,&quot;sizes&quot;:[]},&quot;gap_mobile&quot;:{&quot;unit&quot;:&quot;px&quot;,&quot;size&quot;:10,&quot;sizes&quot;:[]},&quot;link_to&quot;:&quot;file&quot;,&quot;aspect_ratio&quot;:&quot;3:2&quot;,&quot;overlay_background&quot;:&quot;yes&quot;,&quot;content_hover_animation&quot;:&quot;fade-in&quot;}\" data-widget_type=\"gallery.default\">\n\t\t\t\t<div class=\"elementor-widget-container\">\n\t\t\t\t\t\t\t<div class=\"elementor-gallery__container\">\n\t\t\t\t\t\t\t<a class=\"e-gallery-item elementor-gallery-item elementor-animated-content\" href=\"https:\/\/jagodina.museum\/wp-content\/uploads\/2026\/04\/1.jpg\" data-elementor-open-lightbox=\"yes\" data-elementor-lightbox-slideshow=\"6afa569\" data-elementor-lightbox-title=\"1\" data-e-action-hash=\"#elementor-action%3Aaction%3Dlightbox%26settings%3DeyJpZCI6Mjg5NTcsInVybCI6Imh0dHBzOlwvXC9qYWdvZGluYS5tdXNldW1cL3dwLWNvbnRlbnRcL3VwbG9hZHNcLzIwMjZcLzA0XC8xLmpwZyIsInNsaWRlc2hvdyI6IjZhZmE1NjkifQ%3D%3D\">\n\t\t\t\t\t<div class=\"e-gallery-image elementor-gallery-item__image\" data-thumbnail=\"https:\/\/jagodina.museum\/wp-content\/uploads\/2026\/04\/1-1024x682.jpg\" data-width=\"1024\" data-height=\"682\" aria-label=\"\" role=\"img\" ><\/div>\n\t\t\t\t\t\t\t\t\t\t\t<div class=\"elementor-gallery-item__overlay\"><\/div>\n\t\t\t\t\t\t\t\t\t\t\t\t\t\t<\/a>\n\t\t\t\t\t\t\t<a class=\"e-gallery-item elementor-gallery-item elementor-animated-content\" href=\"https:\/\/jagodina.museum\/wp-content\/uploads\/2026\/04\/2.jpg\" data-elementor-open-lightbox=\"yes\" data-elementor-lightbox-slideshow=\"6afa569\" data-elementor-lightbox-title=\"2\" data-e-action-hash=\"#elementor-action%3Aaction%3Dlightbox%26settings%3DeyJpZCI6Mjg5NTksInVybCI6Imh0dHBzOlwvXC9qYWdvZGluYS5tdXNldW1cL3dwLWNvbnRlbnRcL3VwbG9hZHNcLzIwMjZcLzA0XC8yLmpwZyIsInNsaWRlc2hvdyI6IjZhZmE1NjkifQ%3D%3D\">\n\t\t\t\t\t<div class=\"e-gallery-image elementor-gallery-item__image\" data-thumbnail=\"https:\/\/jagodina.museum\/wp-content\/uploads\/2026\/04\/2-1024x683.jpg\" data-width=\"1024\" data-height=\"683\" aria-label=\"\" role=\"img\" ><\/div>\n\t\t\t\t\t\t\t\t\t\t\t<div class=\"elementor-gallery-item__overlay\"><\/div>\n\t\t\t\t\t\t\t\t\t\t\t\t\t\t<\/a>\n\t\t\t\t\t\t\t<a class=\"e-gallery-item elementor-gallery-item elementor-animated-content\" href=\"https:\/\/jagodina.museum\/wp-content\/uploads\/2026\/04\/3-1.jpg\" data-elementor-open-lightbox=\"yes\" data-elementor-lightbox-slideshow=\"6afa569\" data-elementor-lightbox-title=\"3\" data-e-action-hash=\"#elementor-action%3Aaction%3Dlightbox%26settings%3DeyJpZCI6Mjg5NjksInVybCI6Imh0dHBzOlwvXC9qYWdvZGluYS5tdXNldW1cL3dwLWNvbnRlbnRcL3VwbG9hZHNcLzIwMjZcLzA0XC8zLTEuanBnIiwic2xpZGVzaG93IjoiNmFmYTU2OSJ9\">\n\t\t\t\t\t<div class=\"e-gallery-image elementor-gallery-item__image\" data-thumbnail=\"https:\/\/jagodina.museum\/wp-content\/uploads\/2026\/04\/3-1-1024x683.jpg\" data-width=\"1024\" data-height=\"683\" aria-label=\"\" role=\"img\" ><\/div>\n\t\t\t\t\t\t\t\t\t\t\t<div class=\"elementor-gallery-item__overlay\"><\/div>\n\t\t\t\t\t\t\t\t\t\t\t\t\t\t<\/a>\n\t\t\t\t\t\t\t<a class=\"e-gallery-item elementor-gallery-item elementor-animated-content\" href=\"https:\/\/jagodina.museum\/wp-content\/uploads\/2026\/04\/4.jpg\" data-elementor-open-lightbox=\"yes\" data-elementor-lightbox-slideshow=\"6afa569\" data-elementor-lightbox-title=\"4\" data-e-action-hash=\"#elementor-action%3Aaction%3Dlightbox%26settings%3DeyJpZCI6Mjg5NjMsInVybCI6Imh0dHBzOlwvXC9qYWdvZGluYS5tdXNldW1cL3dwLWNvbnRlbnRcL3VwbG9hZHNcLzIwMjZcLzA0XC80LmpwZyIsInNsaWRlc2hvdyI6IjZhZmE1NjkifQ%3D%3D\">\n\t\t\t\t\t<div class=\"e-gallery-image elementor-gallery-item__image\" data-thumbnail=\"https:\/\/jagodina.museum\/wp-content\/uploads\/2026\/04\/4-1024x683.jpg\" data-width=\"1024\" data-height=\"683\" aria-label=\"\" role=\"img\" ><\/div>\n\t\t\t\t\t\t\t\t\t\t\t<div class=\"elementor-gallery-item__overlay\"><\/div>\n\t\t\t\t\t\t\t\t\t\t\t\t\t\t<\/a>\n\t\t\t\t\t\t\t<a class=\"e-gallery-item elementor-gallery-item elementor-animated-content\" href=\"https:\/\/jagodina.museum\/wp-content\/uploads\/2026\/04\/5.jpg\" data-elementor-open-lightbox=\"yes\" data-elementor-lightbox-slideshow=\"6afa569\" data-elementor-lightbox-title=\"5\" data-e-action-hash=\"#elementor-action%3Aaction%3Dlightbox%26settings%3DeyJpZCI6Mjg5NjUsInVybCI6Imh0dHBzOlwvXC9qYWdvZGluYS5tdXNldW1cL3dwLWNvbnRlbnRcL3VwbG9hZHNcLzIwMjZcLzA0XC81LmpwZyIsInNsaWRlc2hvdyI6IjZhZmE1NjkifQ%3D%3D\">\n\t\t\t\t\t<div class=\"e-gallery-image elementor-gallery-item__image\" data-thumbnail=\"https:\/\/jagodina.museum\/wp-content\/uploads\/2026\/04\/5-1024x683.jpg\" data-width=\"1024\" data-height=\"683\" aria-label=\"\" role=\"img\" ><\/div>\n\t\t\t\t\t\t\t\t\t\t\t<div class=\"elementor-gallery-item__overlay\"><\/div>\n\t\t\t\t\t\t\t\t\t\t\t\t\t\t<\/a>\n\t\t\t\t\t\t\t<a class=\"e-gallery-item elementor-gallery-item elementor-animated-content\" href=\"https:\/\/jagodina.museum\/wp-content\/uploads\/2026\/04\/6.jpg\" data-elementor-open-lightbox=\"yes\" data-elementor-lightbox-slideshow=\"6afa569\" data-elementor-lightbox-title=\"6\" data-e-action-hash=\"#elementor-action%3Aaction%3Dlightbox%26settings%3DeyJpZCI6Mjg5NjcsInVybCI6Imh0dHBzOlwvXC9qYWdvZGluYS5tdXNldW1cL3dwLWNvbnRlbnRcL3VwbG9hZHNcLzIwMjZcLzA0XC82LmpwZyIsInNsaWRlc2hvdyI6IjZhZmE1NjkifQ%3D%3D\">\n\t\t\t\t\t<div class=\"e-gallery-image elementor-gallery-item__image\" data-thumbnail=\"https:\/\/jagodina.museum\/wp-content\/uploads\/2026\/04\/6-1024x683.jpg\" data-width=\"1024\" data-height=\"683\" aria-label=\"\" role=\"img\" ><\/div>\n\t\t\t\t\t\t\t\t\t\t\t<div class=\"elementor-gallery-item__overlay\"><\/div>\n\t\t\t\t\t\t\t\t\t\t\t\t\t\t<\/a>\n\t\t\t\t\t<\/div>\n\t\t\t\t\t<\/div>\n\t\t\t\t<\/div>\n\t\t\t\t<div class=\"elementor-element elementor-element-36aea92 elementor-widget-divider--view-line sc_fly_static elementor-widget elementor-widget-divider\" data-id=\"36aea92\" data-element_type=\"widget\" data-e-type=\"widget\" data-widget_type=\"divider.default\">\n\t\t\t\t<div class=\"elementor-widget-container\">\n\t\t\t\t\t\t\t<div class=\"elementor-divider\">\n\t\t\t<span class=\"elementor-divider-separator\">\n\t\t\t\t\t\t<\/span>\n\t\t<\/div>\n\t\t\t\t\t\t<\/div>\n\t\t\t\t<\/div>\n\t\t\t\t<div class=\"elementor-element elementor-element-b8d056b sc_fly_static elementor-widget elementor-widget-heading\" data-id=\"b8d056b\" data-element_type=\"widget\" data-e-type=\"widget\" data-widget_type=\"heading.default\">\n\t\t\t\t<div class=\"elementor-widget-container\">\n\t\t\t\t\t<h3 class=\"elementor-heading-title elementor-size-default\">EXHIBITION CATALOG\n<\/h3>\t\t\t\t<\/div>\n\t\t\t\t<\/div>\n\t\t\t\t<div class=\"elementor-element elementor-element-a26c348 elementor-view-framed elementor-shape-circle sc_fly_static elementor-widget elementor-widget-icon\" data-id=\"a26c348\" data-element_type=\"widget\" data-e-type=\"widget\" data-widget_type=\"icon.default\">\n\t\t\t\t<div class=\"elementor-widget-container\">\n\t\t\t\t\t\t\t<div class=\"elementor-icon-wrapper\">\n\t\t\t<a class=\"elementor-icon\" href=\"https:\/\/jagodina.museum\/wp-content\/uploads\/2025\/05\/ika-katalog.pdf\" target=\"_blank\" rel=\"nofollow\">\n\t\t\t<i aria-hidden=\"true\" class=\"fas fa-book-open\"><\/i>\t\t\t<\/a>\n\t\t<\/div>\n\t\t\t\t\t\t<\/div>\n\t\t\t\t<\/div>\n\t\t\t\t<div class=\"elementor-element elementor-element-487a80e sc_fly_static elementor-widget elementor-widget-spacer\" data-id=\"487a80e\" data-element_type=\"widget\" data-e-type=\"widget\" data-widget_type=\"spacer.default\">\n\t\t\t\t<div class=\"elementor-widget-container\">\n\t\t\t\t\t\t\t<div class=\"elementor-spacer\">\n\t\t\t<div class=\"elementor-spacer-inner\"><\/div>\n\t\t<\/div>\n\t\t\t\t\t\t<\/div>\n\t\t\t\t<\/div>\n\t\t\t\t\t<\/div>\n\t\t<\/div>\n\t\t\t\t<div class=\"elementor-column elementor-col-50 elementor-inner-column elementor-element elementor-element-7b0e4b7 sc_content_align_inherit sc_layouts_column_icons_position_left sc_fly_static\" data-id=\"7b0e4b7\" data-element_type=\"column\" data-e-type=\"column\">\n\t\t\t<div class=\"elementor-widget-wrap elementor-element-populated\">\n\t\t\t\t\t\t<div class=\"elementor-element elementor-element-5e0f8ba sc_height_tiny sc_fly_static elementor-widget elementor-widget-spacer\" data-id=\"5e0f8ba\" data-element_type=\"widget\" data-e-type=\"widget\" data-widget_type=\"spacer.default\">\n\t\t\t\t<div class=\"elementor-widget-container\">\n\t\t\t\t\t\t\t<div class=\"elementor-spacer\">\n\t\t\t<div class=\"elementor-spacer-inner\"><\/div>\n\t\t<\/div>\n\t\t\t\t\t\t<\/div>\n\t\t\t\t<\/div>\n\t\t\t\t<div class=\"elementor-element elementor-element-a45f93d elementor-drop-cap-yes elementor-drop-cap-view-default sc_fly_static elementor-widget elementor-widget-text-editor\" data-id=\"a45f93d\" data-element_type=\"widget\" data-e-type=\"widget\" data-settings=\"{&quot;drop_cap&quot;:&quot;yes&quot;}\" data-widget_type=\"text-editor.default\">\n\t\t\t\t<div class=\"elementor-widget-container\">\n\t\t\t\t\t\t\t\t\t<p>The art scene of Jagodina in the second half of the 20th century developed in two directions: the realist, led by Vojkan Veli\u010dkovi\u0107, and the surrealist, strongly influenced by the Belgrade group Mediala. In the early 1960s, the latter experienced a true flourish, provoking great public interest. The founder of Jagodina\u2019s surrealist movement was Mihajlo Stefanovi\u0107, followed by Vojslav Jaki\u0107, Aleksandar Uro\u0161evi\u0107 Matra, and Ilija Ika Vuki\u0107evi\u0107, who would become one of its central figures.<\/p><p>Vuki\u0107evi\u0107, educated in Belgrade during the formation of Mediala, returned to his hometown when surrealism was already taking root among local artists. His painting, infused with his knowledge of natural sciences and speleology, can be divided into two phases. In the first, during the 1960s, he drew inspiration from the microscopic world and natural forms. He painted caves, underwater landscapes, and the \u201cworld of silence\u201d devoid of human presence. In these works, his imaginary landscapes filled with strange organic shapes emerged.<\/p><p>At the beginning of the 1970s, a second phase began, marked by the themes of macrocosm and microcosm. In the era of major space explorations, Ika created visions of barren planets and primordial landscapes, reflecting on the origins of life and humanity\u2019s desire to understand the infinite. His paintings, according to critics, represent a \u201cmelancholic stage\u201d &#8211; landscapes of silence, solitude, and eternity. Vuki\u0107evi\u0107 also saw the world of microorganisms as an equal universe &#8211; a \u201csecond world of silence,\u201d full of beauty and harmony.<\/p><p>Color was the primary means of expression in his works: \u201cA painting, for me, is just a little color skillfully arranged.\u201d He painted at night, accompanied by classical music, without sketches, guided by intuition and rhythm. He believed a painting was complete when it was \u201cunfinished,\u201d leaving room for the viewer\u2019s imagination.<\/p><p>With his own hands, he built an atelier in the yard of his family home. This studio, according to his contemporaries, was \u201cthe first, last, and only artistic salon in Jagodina\u201d and \u201ca gathering place of the town\u2019s creative spirit.\u201d From this atelier emerged many future artists.<\/p><p>Through his prolific oeuvre and distinctive artistic language, Ilija Vuki\u0107evi\u0107 secured an important place on Jagodina\u2019s art scene. With his dedication and creative energy, he sought to revive and enrich the cultural life of his hometown. His works today are held by the Regional Museum of Jagodina as well as in private collections worldwide.<\/p><p>Forty years had passed since his works were last exhibited publicly, and several initiatives to publish a monograph about his art had not been realized. This exhibition, featuring works from the Museum\u2019s collection and private owners, revived the memory of a colleague, artist, tireless advocate for culture, and above all a good man.<\/p><p>Although it was planned to last for a month, the exhibition was interrupted a week after opening at the request of the Assembly of the City of Jagodina. Since it coincided with the May Day holidays, it remained open for only five working days. The Museum\u2019s gallery space was then given to the Historical Archive of Jagodina for an exhibition on the liberation of the city in World War II, organized to welcome delegations from Russia and Kazakhstan.<\/p>\t\t\t\t\t\t\t\t<\/div>\n\t\t\t\t<\/div>\n\t\t\t\t\t<\/div>\n\t\t<\/div>\n\t\t\t\t\t<\/div>\n\t\t<\/section>\n\t\t\t\t<div class=\"elementor-element elementor-element-aaec63a sc_fly_static elementor-widget elementor-widget-spacer\" data-id=\"aaec63a\" data-element_type=\"widget\" data-e-type=\"widget\" data-widget_type=\"spacer.default\">\n\t\t\t\t<div class=\"elementor-widget-container\">\n\t\t\t\t\t\t\t<div class=\"elementor-spacer\">\n\t\t\t<div class=\"elementor-spacer-inner\"><\/div>\n\t\t<\/div>\n\t\t\t\t\t\t<\/div>\n\t\t\t\t<\/div>\n\t\t\t\t<div class=\"elementor-element elementor-element-082dadf sc_fly_static elementor-widget elementor-widget-heading\" data-id=\"082dadf\" data-element_type=\"widget\" data-e-type=\"widget\" data-widget_type=\"heading.default\">\n\t\t\t\t<div class=\"elementor-widget-container\">\n\t\t\t\t\t<h2 class=\"elementor-heading-title elementor-size-default\">Exhibition setting\n<\/h2>\t\t\t\t<\/div>\n\t\t\t\t<\/div>\n\t\t\t\t<div class=\"elementor-element elementor-element-ac8d0e7 sc_height_tiny sc_fly_static elementor-widget elementor-widget-spacer\" data-id=\"ac8d0e7\" data-element_type=\"widget\" data-e-type=\"widget\" data-widget_type=\"spacer.default\">\n\t\t\t\t<div class=\"elementor-widget-container\">\n\t\t\t\t\t\t\t<div class=\"elementor-spacer\">\n\t\t\t<div class=\"elementor-spacer-inner\"><\/div>\n\t\t<\/div>\n\t\t\t\t\t\t<\/div>\n\t\t\t\t<\/div>\n\t\t\t\t<div class=\"elementor-element elementor-element-459fea4 sc_fly_static elementor-widget elementor-widget-gallery\" data-id=\"459fea4\" data-element_type=\"widget\" data-e-type=\"widget\" data-settings=\"{&quot;columns&quot;:&quot;2&quot;,&quot;overlay_title&quot;:&quot;caption&quot;,&quot;lazyload&quot;:&quot;yes&quot;,&quot;gallery_layout&quot;:&quot;grid&quot;,&quot;columns_tablet&quot;:2,&quot;columns_mobile&quot;:1,&quot;gap&quot;:{&quot;unit&quot;:&quot;px&quot;,&quot;size&quot;:10,&quot;sizes&quot;:[]},&quot;gap_tablet&quot;:{&quot;unit&quot;:&quot;px&quot;,&quot;size&quot;:10,&quot;sizes&quot;:[]},&quot;gap_mobile&quot;:{&quot;unit&quot;:&quot;px&quot;,&quot;size&quot;:10,&quot;sizes&quot;:[]},&quot;link_to&quot;:&quot;file&quot;,&quot;aspect_ratio&quot;:&quot;3:2&quot;,&quot;overlay_background&quot;:&quot;yes&quot;,&quot;content_hover_animation&quot;:&quot;fade-in&quot;}\" data-widget_type=\"gallery.default\">\n\t\t\t\t<div class=\"elementor-widget-container\">\n\t\t\t\t\t\t\t<div class=\"elementor-gallery__container\">\n\t\t\t\t\t\t\t<a class=\"e-gallery-item elementor-gallery-item elementor-animated-content\" href=\"https:\/\/jagodina.museum\/wp-content\/uploads\/2026\/04\/1p.jpg\" data-elementor-open-lightbox=\"no\">\n\t\t\t\t\t<div class=\"e-gallery-image elementor-gallery-item__image\" data-thumbnail=\"https:\/\/jagodina.museum\/wp-content\/uploads\/2026\/04\/1p.jpg\" data-width=\"2205\" data-height=\"1470\" aria-label=\"\" role=\"img\" ><\/div>\n\t\t\t\t\t\t\t\t\t\t\t<div class=\"elementor-gallery-item__overlay\"><\/div>\n\t\t\t\t\t\t\t\t\t\t\t\t\t\t\t<div class=\"elementor-gallery-item__content\">\n\t\t\t\t\t\t\t\t\t\t\t<\/div>\n\t\t\t\t\t\t\t\t\t<\/a>\n\t\t\t\t\t\t\t<a class=\"e-gallery-item elementor-gallery-item elementor-animated-content\" href=\"https:\/\/jagodina.museum\/wp-content\/uploads\/2026\/04\/2p-scaled.jpg\" data-elementor-open-lightbox=\"no\">\n\t\t\t\t\t<div class=\"e-gallery-image elementor-gallery-item__image\" data-thumbnail=\"https:\/\/jagodina.museum\/wp-content\/uploads\/2026\/04\/2p-scaled.jpg\" data-width=\"2560\" data-height=\"1928\" aria-label=\"\" role=\"img\" ><\/div>\n\t\t\t\t\t\t\t\t\t\t\t<div class=\"elementor-gallery-item__overlay\"><\/div>\n\t\t\t\t\t\t\t\t\t\t\t\t\t\t\t<div class=\"elementor-gallery-item__content\">\n\t\t\t\t\t\t\t\t\t\t\t<\/div>\n\t\t\t\t\t\t\t\t\t<\/a>\n\t\t\t\t\t\t\t<a class=\"e-gallery-item elementor-gallery-item elementor-animated-content\" href=\"https:\/\/jagodina.museum\/wp-content\/uploads\/2026\/04\/3p-scaled.jpg\" data-elementor-open-lightbox=\"no\">\n\t\t\t\t\t<div class=\"e-gallery-image elementor-gallery-item__image\" data-thumbnail=\"https:\/\/jagodina.museum\/wp-content\/uploads\/2026\/04\/3p-scaled.jpg\" data-width=\"2560\" data-height=\"1928\" aria-label=\"\" role=\"img\" ><\/div>\n\t\t\t\t\t\t\t\t\t\t\t<div class=\"elementor-gallery-item__overlay\"><\/div>\n\t\t\t\t\t\t\t\t\t\t\t\t\t\t\t<div class=\"elementor-gallery-item__content\">\n\t\t\t\t\t\t\t\t\t\t\t<\/div>\n\t\t\t\t\t\t\t\t\t<\/a>\n\t\t\t\t\t\t\t<a class=\"e-gallery-item elementor-gallery-item elementor-animated-content\" href=\"https:\/\/jagodina.museum\/wp-content\/uploads\/2026\/04\/4p-scaled.jpg\" data-elementor-open-lightbox=\"no\">\n\t\t\t\t\t<div class=\"e-gallery-image elementor-gallery-item__image\" data-thumbnail=\"https:\/\/jagodina.museum\/wp-content\/uploads\/2026\/04\/4p-scaled.jpg\" data-width=\"2560\" data-height=\"1706\" aria-label=\"\" role=\"img\" ><\/div>\n\t\t\t\t\t\t\t\t\t\t\t<div class=\"elementor-gallery-item__overlay\"><\/div>\n\t\t\t\t\t\t\t\t\t\t\t\t\t\t\t<div class=\"elementor-gallery-item__content\">\n\t\t\t\t\t\t\t\t\t\t\t<\/div>\n\t\t\t\t\t\t\t\t\t<\/a>\n\t\t\t\t\t<\/div>\n\t\t\t\t\t<\/div>\n\t\t\t\t<\/div>\n\t\t\t\t\t<\/div>\n\t\t<\/div>\n\t\t\t\t\t<\/div>\n\t\t<\/section>\n\t\t\t\t<\/div>\n\t\t","protected":false},"excerpt":{"rendered":"<p>Gallery of the Regional Museum Jagodina EXHIBITION DURATION: April 25 \u2013 May 5, 2025 Author of the exhibition:\u00a0Jasmina Trajkov BIOGRAPHY Ilija Vuki\u0107evi\u0107 was born in Jagodina in 1934. He came from a distinguished Vuki\u0107evi\u0107 family. His grandfather, also named Ilija Vuki\u0107evi\u0107, was a priest \u2014&hellip;<\/p>\n","protected":false},"author":3,"featured_media":26371,"parent":6377,"menu_order":0,"comment_status":"closed","ping_status":"closed","template":"","meta":{"footnotes":""},"class_list":["post-28987","page","type-page","status-publish","has-post-thumbnail","hentry"],"_links":{"self":[{"href":"https:\/\/jagodina.museum\/en\/wp-json\/wp\/v2\/pages\/28987","targetHints":{"allow":["GET"]}}],"collection":[{"href":"https:\/\/jagodina.museum\/en\/wp-json\/wp\/v2\/pages"}],"about":[{"href":"https:\/\/jagodina.museum\/en\/wp-json\/wp\/v2\/types\/page"}],"author":[{"embeddable":true,"href":"https:\/\/jagodina.museum\/en\/wp-json\/wp\/v2\/users\/3"}],"replies":[{"embeddable":true,"href":"https:\/\/jagodina.museum\/en\/wp-json\/wp\/v2\/comments?post=28987"}],"version-history":[{"count":4,"href":"https:\/\/jagodina.museum\/en\/wp-json\/wp\/v2\/pages\/28987\/revisions"}],"predecessor-version":[{"id":28991,"href":"https:\/\/jagodina.museum\/en\/wp-json\/wp\/v2\/pages\/28987\/revisions\/28991"}],"up":[{"embeddable":true,"href":"https:\/\/jagodina.museum\/en\/wp-json\/wp\/v2\/pages\/6377"}],"wp:featuredmedia":[{"embeddable":true,"href":"https:\/\/jagodina.museum\/en\/wp-json\/wp\/v2\/media\/26371"}],"wp:attachment":[{"href":"https:\/\/jagodina.museum\/en\/wp-json\/wp\/v2\/media?parent=28987"}],"curies":[{"name":"wp","href":"https:\/\/api.w.org\/{rel}","templated":true}]}}